{"id":16364,"date":"2025-05-21T08:48:32","date_gmt":"2025-05-21T06:48:32","guid":{"rendered":"https:\/\/europaallee.ch\/immobilien\/1595142en-europaallee-top-aussicht-ueber-den-daechern-von-zuerich\/"},"modified":"2026-04-30T09:14:12","modified_gmt":"2026-04-30T07:14:12","slug":"1595142en-europaallee-top-aussicht-ueber-den-daechern-von-zuerich","status":"publish","type":"casawp_property","link":"https:\/\/europaallee.ch\/en\/immobilien\/1595142en-europaallee-top-aussicht-ueber-den-daechern-von-zuerich\/","title":{"rendered":"Europaallee &#8211; Top Aussicht \u00fcber den D\u00e4chern von Z\u00fcrich!"},"content":{"rendered":"<p>4.5-Zimmer-Wohnung im 15. OG, 125.4 m2<\/p>\n<p>Wir vermieten diese sch\u00f6ne 4.5-Zimmerwohnung im 15. OG der Europaallee. Die Europaallee bietet alles, was das Herz begehrt: vielf\u00e4ltige Restaurants, Einkaufsm\u00f6glichkeiten, Boutiquen, Banken und Dienstleister, direkt vor Ihrer Haust\u00fcr. Der Z\u00fcrcher Hauptbahnhof ist in nur 5 Gehminuten erreichbar und garantiert optimale Anbindung an den \u00f6ffentlichen Verkehr.<\/p>\n<p>Folgendes hat die Wohnung zu bieten:<\/p>\n<ul>\n<li>Moderne Wohnung mit exklusiven Materialien <\/li>\n<li>K\u00fcche mit guter Ausstattung und Steamer sowie Weinklimaschrank <\/li>\n<li>Eigener Waschturm <\/li>\n<li>Loggia mit top Aussicht<\/li>\n<li>Mehrere Einbauschr\u00e4nke f\u00fcr viel Stauraum<\/li>\n<li>Bad und separates WC mit Dusche<\/li>\n<li>Ger\u00e4umiges Kellerabteil<\/li>\n<li>Fantastische Aussicht auf die Stadt Z\u00fcrich und der See ist auch zu sehen!<\/li>\n<li>Veloraum zur Mitbenutzung<\/li>\n<li>Mieterportal<\/li>\n<li>Nahegelegene Loge der Hauswartung<\/li>\n<\/ul>\n<p>Einstellpl\u00e4tze in der Tiefgarage k\u00f6nnen f\u00fcr CHF 390.00 dazu gemietet werden.<\/p>\n<p>Information Besichtigung: Wurde Ihr Interesse geweckt? Melden Sie sich jetzt, um die Wohnung zu besichtigen.<\/p>\n","protected":false},"excerpt":{"rendered":"<p>4.5-Zimmer-Wohnung im 15. OG, 125.4 m2 Wir vermieten diese sch\u00f6ne [&hellip;]<\/p>\n","protected":false},"author":0,"featured_media":16365,"parent":0,"menu_order":2,"comment_status":"closed","ping_status":"closed","template":"","meta":{"_acf_changed":false,"inline_featured_image":false,"footnotes":""},"casawp_category":[6770],"casawp_feature":[6786,6772,6773,6774,6775,6776,6771,6777],"casawp_utility":[6778],"casawp_location":[6781,6782,6783],"casawp_salestype":[6779],"casawp_availability":[6780],"casawp_region":[],"class_list":["post-16364","casawp_property","type-casawp_property","status-publish","has-post-thumbnail","hentry","casawp_category-apartment","casawp_feature-has-balcony","casawp_feature-has-cellar","casawp_feature-has-dishwasher","casawp_feature-has-elevator","casawp_feature-has-tumbler","casawp_feature-has-washing-machine","casawp_feature-is-animal-friendly","casawp_feature-is-wheelchair-accessible","casawp_utility-residential","casawp_location-country_ch","casawp_location-region_zh","casawp_location-locality_zuerich","casawp_salestype-rent","casawp_availability-active"],"acf":[],"yoast_head":"<!-- This site is optimized with the Yoast SEO plugin v27.5 - https:\/\/yoast.com\/product\/yoast-seo-wordpress\/ -->\n<title>Europaallee - Top Aussicht \u00fcber den D\u00e4chern von Z\u00fcrich! - Europaallee<\/title>\n<meta name=\"robots\" content=\"index, follow, max-snippet:-1, max-image-preview:large, max-video-preview:-1\" \/>\n<link rel=\"canonical\" href=\"https:\/\/europaallee.ch\/en\/immobilien\/1595142en-europaallee-top-aussicht-ueber-den-daechern-von-zuerich\/\" \/>\n<meta property=\"og:locale\" content=\"en_US\" \/>\n<meta property=\"og:type\" content=\"article\" \/>\n<meta property=\"og:title\" content=\"Europaallee - Top Aussicht \u00fcber den D\u00e4chern von Z\u00fcrich! - Europaallee\" \/>\n<meta property=\"og:description\" content=\"4.5-Zimmer-Wohnung im 15. OG, 125.4 m2 Wir vermieten diese sch\u00f6ne [&hellip;]\" \/>\n<meta property=\"og:url\" content=\"https:\/\/europaallee.ch\/en\/immobilien\/1595142en-europaallee-top-aussicht-ueber-den-daechern-von-zuerich\/\" \/>\n<meta property=\"og:site_name\" content=\"Europaallee\" \/>\n<meta property=\"article:publisher\" content=\"https:\/\/www.facebook.com\/europaallee\" \/>\n<meta property=\"article:modified_time\" content=\"2026-04-30T07:14:12+00:00\" \/>\n<meta name=\"twitter:card\" content=\"summary_large_image\" \/>\n<meta name=\"twitter:label1\" content=\"Est. reading time\" \/>\n\t<meta name=\"twitter:data1\" content=\"1 minute\" \/>\n<script type=\"application\/ld+json\" class=\"yoast-schema-graph\">{\"@context\":\"https:\\\/\\\/schema.org\",\"@graph\":[{\"@type\":\"WebPage\",\"@id\":\"https:\\\/\\\/europaallee.ch\\\/en\\\/immobilien\\\/1595142en-europaallee-top-aussicht-ueber-den-daechern-von-zuerich\\\/\",\"url\":\"https:\\\/\\\/europaallee.ch\\\/en\\\/immobilien\\\/1595142en-europaallee-top-aussicht-ueber-den-daechern-von-zuerich\\\/\",\"name\":\"Europaallee - Top Aussicht \u00fcber den D\u00e4chern von Z\u00fcrich! - Europaallee\",\"isPartOf\":{\"@id\":\"https:\\\/\\\/europaallee.ch\\\/en\\\/#website\"},\"primaryImageOfPage\":{\"@id\":\"https:\\\/\\\/europaallee.ch\\\/en\\\/immobilien\\\/1595142en-europaallee-top-aussicht-ueber-den-daechern-von-zuerich\\\/#primaryimage\"},\"image\":{\"@id\":\"https:\\\/\\\/europaallee.ch\\\/en\\\/immobilien\\\/1595142en-europaallee-top-aussicht-ueber-den-daechern-von-zuerich\\\/#primaryimage\"},\"thumbnailUrl\":\"https:\\/\\/cdn.casasoft.com\\/media\\/provider-13858\\/property-1595142\\/advertisement-language-1224a681-da2f-f011-8c4d-6045bd2addc7-01_Loggia_Aussicht.jpg?p=hd\",\"datePublished\":\"2025-05-21T06:48:32+00:00\",\"dateModified\":\"2026-04-30T07:14:12+00:00\",\"breadcrumb\":{\"@id\":\"https:\\\/\\\/europaallee.ch\\\/en\\\/immobilien\\\/1595142en-europaallee-top-aussicht-ueber-den-daechern-von-zuerich\\\/#breadcrumb\"},\"inLanguage\":\"en-US\",\"potentialAction\":[{\"@type\":\"ReadAction\",\"target\":[\"https:\\\/\\\/europaallee.ch\\\/en\\\/immobilien\\\/1595142en-europaallee-top-aussicht-ueber-den-daechern-von-zuerich\\\/\"]}]},{\"@type\":\"ImageObject\",\"inLanguage\":\"en-US\",\"@id\":\"https:\\\/\\\/europaallee.ch\\\/en\\\/immobilien\\\/1595142en-europaallee-top-aussicht-ueber-den-daechern-von-zuerich\\\/#primaryimage\",\"url\":\"https:\\/\\/cdn.casasoft.com\\/media\\/provider-13858\\/property-1595142\\/advertisement-language-1224a681-da2f-f011-8c4d-6045bd2addc7-01_Loggia_Aussicht.jpg?p=hd\",\"contentUrl\":\"https:\\/\\/cdn.casasoft.com\\/media\\/provider-13858\\/property-1595142\\/advertisement-language-1224a681-da2f-f011-8c4d-6045bd2addc7-01_Loggia_Aussicht.jpg?p=hd\"},{\"@type\":\"BreadcrumbList\",\"@id\":\"https:\\\/\\\/europaallee.ch\\\/en\\\/immobilien\\\/1595142en-europaallee-top-aussicht-ueber-den-daechern-von-zuerich\\\/#breadcrumb\",\"itemListElement\":[{\"@type\":\"ListItem\",\"position\":1,\"name\":\"Home\",\"item\":\"https:\\\/\\\/europaallee.ch\\\/en\\\/\"},{\"@type\":\"ListItem\",\"position\":2,\"name\":\"Properties\",\"item\":\"https:\\\/\\\/europaallee.ch\\\/en\\\/immobilien\\\/\"},{\"@type\":\"ListItem\",\"position\":3,\"name\":\"Europaallee &#8211; Top Aussicht \u00fcber den D\u00e4chern von Z\u00fcrich!\"}]},{\"@type\":\"WebSite\",\"@id\":\"https:\\\/\\\/europaallee.ch\\\/en\\\/#website\",\"url\":\"https:\\\/\\\/europaallee.ch\\\/en\\\/\",\"name\":\"Europaallee\",\"description\":\"Ein Quartier voll Z\u00fcrich\",\"publisher\":{\"@id\":\"https:\\\/\\\/europaallee.ch\\\/en\\\/#organization\"},\"potentialAction\":[{\"@type\":\"SearchAction\",\"target\":{\"@type\":\"EntryPoint\",\"urlTemplate\":\"https:\\\/\\\/europaallee.ch\\\/en\\\/?s={search_term_string}\"},\"query-input\":{\"@type\":\"PropertyValueSpecification\",\"valueRequired\":true,\"valueName\":\"search_term_string\"}}],\"inLanguage\":\"en-US\"},{\"@type\":\"Organization\",\"@id\":\"https:\\\/\\\/europaallee.ch\\\/en\\\/#organization\",\"name\":\"Europaallee\",\"url\":\"https:\\\/\\\/europaallee.ch\\\/en\\\/\",\"logo\":{\"@type\":\"ImageObject\",\"inLanguage\":\"en-US\",\"@id\":\"https:\\\/\\\/europaallee.ch\\\/en\\\/#\\\/schema\\\/logo\\\/image\\\/\",\"url\":\"https:\\/\\/europaallee.ch\\/wp-content\\/uploads\\/2021\\/04\\/logo_europaallee.svg\",\"contentUrl\":\"https:\\/\\/europaallee.ch\\/wp-content\\/uploads\\/2021\\/04\\/logo_europaallee.svg\",\"caption\":\"Europaallee\"},\"image\":{\"@id\":\"https:\\\/\\\/europaallee.ch\\\/en\\\/#\\\/schema\\\/logo\\\/image\\\/\"},\"sameAs\":[\"https:\\\/\\\/www.facebook.com\\\/europaallee\",\"https:\\\/\\\/www.instagram.com\\\/europaallee\\\/\",\"https:\\\/\\\/www.youtube.com\\\/channel\\\/UCNT5OLv0MZKlMKV7Px6vVXg\"]}]}<\/script>\n<!-- \/ Yoast SEO plugin. -->","yoast_head_json":{"title":"Europaallee - Top Aussicht \u00fcber den D\u00e4chern von Z\u00fcrich! - Europaallee","robots":{"index":"index","follow":"follow","max-snippet":"max-snippet:-1","max-image-preview":"max-image-preview:large","max-video-preview":"max-video-preview:-1"},"canonical":"https:\/\/europaallee.ch\/en\/immobilien\/1595142en-europaallee-top-aussicht-ueber-den-daechern-von-zuerich\/","og_locale":"en_US","og_type":"article","og_title":"Europaallee - Top Aussicht \u00fcber den D\u00e4chern von Z\u00fcrich! - Europaallee","og_description":"4.5-Zimmer-Wohnung im 15. OG, 125.4 m2 Wir vermieten diese sch\u00f6ne [&hellip;]","og_url":"https:\/\/europaallee.ch\/en\/immobilien\/1595142en-europaallee-top-aussicht-ueber-den-daechern-von-zuerich\/","og_site_name":"Europaallee","article_publisher":"https:\/\/www.facebook.com\/europaallee","article_modified_time":"2026-04-30T07:14:12+00:00","twitter_card":"summary_large_image","twitter_misc":{"Est. reading time":"1 minute"},"schema":{"@context":"https:\/\/schema.org","@graph":[{"@type":"WebPage","@id":"https:\/\/europaallee.ch\/en\/immobilien\/1595142en-europaallee-top-aussicht-ueber-den-daechern-von-zuerich\/","url":"https:\/\/europaallee.ch\/en\/immobilien\/1595142en-europaallee-top-aussicht-ueber-den-daechern-von-zuerich\/","name":"Europaallee - Top Aussicht \u00fcber den D\u00e4chern von Z\u00fcrich! - Europaallee","isPartOf":{"@id":"https:\/\/europaallee.ch\/en\/#website"},"primaryImageOfPage":{"@id":"https:\/\/europaallee.ch\/en\/immobilien\/1595142en-europaallee-top-aussicht-ueber-den-daechern-von-zuerich\/#primaryimage"},"image":{"@id":"https:\/\/europaallee.ch\/en\/immobilien\/1595142en-europaallee-top-aussicht-ueber-den-daechern-von-zuerich\/#primaryimage"},"thumbnailUrl":"https:\/\/cdn.casasoft.com\/media\/provider-13858\/property-1595142\/advertisement-language-1224a681-da2f-f011-8c4d-6045bd2addc7-01_Loggia_Aussicht.jpg?p=hd","datePublished":"2025-05-21T06:48:32+00:00","dateModified":"2026-04-30T07:14:12+00:00","breadcrumb":{"@id":"https:\/\/europaallee.ch\/en\/immobilien\/1595142en-europaallee-top-aussicht-ueber-den-daechern-von-zuerich\/#breadcrumb"},"inLanguage":"en-US","potentialAction":[{"@type":"ReadAction","target":["https:\/\/europaallee.ch\/en\/immobilien\/1595142en-europaallee-top-aussicht-ueber-den-daechern-von-zuerich\/"]}]},{"@type":"ImageObject","inLanguage":"en-US","@id":"https:\/\/europaallee.ch\/en\/immobilien\/1595142en-europaallee-top-aussicht-ueber-den-daechern-von-zuerich\/#primaryimage","url":"https:\/\/cdn.casasoft.com\/media\/provider-13858\/property-1595142\/advertisement-language-1224a681-da2f-f011-8c4d-6045bd2addc7-01_Loggia_Aussicht.jpg?p=hd","contentUrl":"https:\/\/cdn.casasoft.com\/media\/provider-13858\/property-1595142\/advertisement-language-1224a681-da2f-f011-8c4d-6045bd2addc7-01_Loggia_Aussicht.jpg?p=hd"},{"@type":"BreadcrumbList","@id":"https:\/\/europaallee.ch\/en\/immobilien\/1595142en-europaallee-top-aussicht-ueber-den-daechern-von-zuerich\/#breadcrumb","itemListElement":[{"@type":"ListItem","position":1,"name":"Home","item":"https:\/\/europaallee.ch\/en\/"},{"@type":"ListItem","position":2,"name":"Properties","item":"https:\/\/europaallee.ch\/en\/immobilien\/"},{"@type":"ListItem","position":3,"name":"Europaallee &#8211; Top Aussicht \u00fcber den D\u00e4chern von Z\u00fcrich!"}]},{"@type":"WebSite","@id":"https:\/\/europaallee.ch\/en\/#website","url":"https:\/\/europaallee.ch\/en\/","name":"Europaallee","description":"Ein Quartier voll Z\u00fcrich","publisher":{"@id":"https:\/\/europaallee.ch\/en\/#organization"},"potentialAction":[{"@type":"SearchAction","target":{"@type":"EntryPoint","urlTemplate":"https:\/\/europaallee.ch\/en\/?s={search_term_string}"},"query-input":{"@type":"PropertyValueSpecification","valueRequired":true,"valueName":"search_term_string"}}],"inLanguage":"en-US"},{"@type":"Organization","@id":"https:\/\/europaallee.ch\/en\/#organization","name":"Europaallee","url":"https:\/\/europaallee.ch\/en\/","logo":{"@type":"ImageObject","inLanguage":"en-US","@id":"https:\/\/europaallee.ch\/en\/#\/schema\/logo\/image\/","url":"https:\/\/europaallee.ch\/wp-content\/uploads\/2021\/04\/logo_europaallee.svg","contentUrl":"https:\/\/europaallee.ch\/wp-content\/uploads\/2021\/04\/logo_europaallee.svg","caption":"Europaallee"},"image":{"@id":"https:\/\/europaallee.ch\/en\/#\/schema\/logo\/image\/"},"sameAs":["https:\/\/www.facebook.com\/europaallee","https:\/\/www.instagram.com\/europaallee\/","https:\/\/www.youtube.com\/channel\/UCNT5OLv0MZKlMKV7Px6vVXg"]}]}},"_links":{"self":[{"href":"https:\/\/europaallee.ch\/en\/wp-json\/wp\/v2\/casawp_property\/16364","targetHints":{"allow":["GET"]}}],"collection":[{"href":"https:\/\/europaallee.ch\/en\/wp-json\/wp\/v2\/casawp_property"}],"about":[{"href":"https:\/\/europaallee.ch\/en\/wp-json\/wp\/v2\/types\/casawp_property"}],"replies":[{"embeddable":true,"href":"https:\/\/europaallee.ch\/en\/wp-json\/wp\/v2\/comments?post=16364"}],"version-history":[{"count":0,"href":"https:\/\/europaallee.ch\/en\/wp-json\/wp\/v2\/casawp_property\/16364\/revisions"}],"wp:featuredmedia":[{"embeddable":true,"href":"https:\/\/europaallee.ch\/en\/wp-json\/wp\/v2\/media\/16365"}],"wp:attachment":[{"href":"https:\/\/europaallee.ch\/en\/wp-json\/wp\/v2\/media?parent=16364"}],"wp:term":[{"taxonomy":"casawp_category","embeddable":true,"href":"https:\/\/europaallee.ch\/en\/wp-json\/wp\/v2\/casawp_category?post=16364"},{"taxonomy":"casawp_feature","embeddable":true,"href":"https:\/\/europaallee.ch\/en\/wp-json\/wp\/v2\/casawp_feature?post=16364"},{"taxonomy":"casawp_utility","embeddable":true,"href":"https:\/\/europaallee.ch\/en\/wp-json\/wp\/v2\/casawp_utility?post=16364"},{"taxonomy":"casawp_location","embeddable":true,"href":"https:\/\/europaallee.ch\/en\/wp-json\/wp\/v2\/casawp_location?post=16364"},{"taxonomy":"casawp_salestype","embeddable":true,"href":"https:\/\/europaallee.ch\/en\/wp-json\/wp\/v2\/casawp_salestype?post=16364"},{"taxonomy":"casawp_availability","embeddable":true,"href":"https:\/\/europaallee.ch\/en\/wp-json\/wp\/v2\/casawp_availability?post=16364"},{"taxonomy":"casawp_region","embeddable":true,"href":"https:\/\/europaallee.ch\/en\/wp-json\/wp\/v2\/casawp_region?post=16364"}],"curies":[{"name":"wp","href":"https:\/\/api.w.org\/{rel}","templated":true}]}}